{"id":1260,"date":"2024-01-12T15:21:08","date_gmt":"2024-01-12T14:21:08","guid":{"rendered":"http:\/\/panoramalidicka.cz\/?page_id=1260"},"modified":"2026-08-28T13:48:21","modified_gmt":"2026-08-28T11:48:21","slug":"uvodni-stranka","status":"publish","type":"page","link":"https:\/\/panoramalidicka.cz\/","title":{"rendered":"\u00davodn\u00ed str\u00e1nka"},"content":{"rendered":"\n<section class=\"wp-block-group stripe-top\"><div class=\"wp-block-group__inner-container is-layout-constrained wp-block-group-is-layout-constrained\"><div class=\"wp-bootstrap-blocks-container container mb-0\">\n\t\n<div class=\"wp-bootstrap-blocks-row row\">\n\t\n\n<div class=\"col-12 col-lg-6\">\n\t\t\t\n    <div class=\"gallery-one\">\n                    <div>\n                <a class=\"overflow-hidden d-block\" data-fslightbox=\"gallery\" href=\"https:\/\/panoramalidicka.cz\/wp-content\/uploads\/2023\/12\/Panorama-byty-na-prodej-sumperk-lidicka-02.webp\">\n                    <img decoding=\"async\" src=\"https:\/\/panoramalidicka.cz\/wp-content\/uploads\/2023\/12\/Panorama-byty-na-prodej-sumperk-lidicka-02.webp\" alt=\"\">\n                <\/a>\n            <\/div>\n                        <div>\n                <a class=\"overflow-hidden d-block\" data-fslightbox=\"gallery\" href=\"https:\/\/panoramalidicka.cz\/wp-content\/uploads\/2023\/12\/Panorama-byty-na-prodej-sumperk-lidicka-01.webp\">\n                    <img decoding=\"async\" src=\"https:\/\/panoramalidicka.cz\/wp-content\/uploads\/2023\/12\/Panorama-byty-na-prodej-sumperk-lidicka-01.webp\" alt=\"\">\n                <\/a>\n            <\/div>\n                        <div>\n                <a class=\"overflow-hidden d-block\" data-fslightbox=\"gallery\" href=\"https:\/\/panoramalidicka.cz\/wp-content\/uploads\/2023\/12\/Panorama-byty-na-prodej-sumperk-lidicka-10.webp\">\n                    <img decoding=\"async\" src=\"https:\/\/panoramalidicka.cz\/wp-content\/uploads\/2023\/12\/Panorama-byty-na-prodej-sumperk-lidicka-10.webp\" alt=\"\">\n                <\/a>\n            <\/div>\n                <\/div>\n    \n\t<\/div>\n\n\n\n<div class=\"col-12 col-lg-6\">\n\t\t\t\n\n<div class=\"wp-block-group position-sticky sticky-side\"><div class=\"wp-block-group__inner-container is-layout-constrained wp-block-group-is-layout-constrained\">\n<h2 class=\"wp-block-heading pt-5\" data-=\"\">Objevte mo\u017enosti nov\u00e9 komunity na ulici Lidick\u00e1, kter\u00e9 v\u00e1s nadchnou.\u200c<\/h2>\n\n\n\n<div class=\"wp-block-group\" data-=\"\"><div class=\"wp-block-group__inner-container is-layout-constrained wp-block-group-is-layout-constrained\">\n<figure class=\"wp-block-image size-large mt-n3 pb-4\"><img loading=\"lazy\" decoding=\"async\" width=\"102\" height=\"20\" src=\"http:\/\/panoramalidicka.cz\/wp-content\/uploads\/2023\/12\/separator.svg\" alt=\"\" class=\"wp-image-104\"\/><\/figure>\n<\/div><\/div>\n\n\n    <ul class=\"list-unstyled custom-checklist\">\n                    <li class=\"d-flex\">\n                <span class=\"bg-primary d-flex align-items-center justify-content-center text-white\">01<\/span>\n                <div>Vdechujeme \u017eivot p\u016fvodn\u00ed administrativn\u00ed budov\u011b. \u0160estipodla\u017en\u00ed komplex se dv\u011bma v\u00fdtahy, parkov\u00e1n\u00edm a kr\u00e1sn\u00fdmi v\u00fdhledy na hory Jesen\u00edk\u016f m\u011bn\u00edme na v\u00e1\u0161 nov\u00fd domov.<\/div>\n            <\/li>\n                        <li class=\"d-flex\">\n                <span class=\"bg-primary d-flex align-items-center justify-content-center text-white\">02<\/span>\n                <div>Centrum hned za rohem! D\u016fm nab\u00edz\u00ed mo\u017enosti <b>modern\u00edho m\u011bstsk\u00e9ho bydlen\u00ed<\/b> na dosah p\u0159\u00edrody. <\/div>\n            <\/li>\n                        <li class=\"d-flex\">\n                <span class=\"bg-primary d-flex align-items-center justify-content-center text-white\">03<\/span>\n                <div><b>Bydlen\u00ed spl\u0148uj\u00edc\u00ed modern\u00ed standardy.<\/b><\/div>\n            <\/li>\n                        <li class=\"d-flex\">\n                <span class=\"bg-primary d-flex align-items-center justify-content-center text-white\">04<\/span>\n                <div>Pro vlastn\u00ed bydlen\u00ed, n\u00e1jemn\u00edky i investory. Celkem <b>48 byt\u016f s dispozicemi 2+kk a\u017e 4+kk<\/b> a v\u00fdm\u011brami od 33,4 a\u017e 90,1 m2.<\/div>\n            <\/li>\n                <\/ul>\n    <\/div><\/div>\n\n\t<\/div>\n\n<\/div>\n\n<\/div>\n<\/div><\/section>\n\n\n\n<section class=\"wp-block-group stripe overflow-hidden position-relative\"><div class=\"wp-block-group__inner-container is-layout-constrained wp-block-group-is-layout-constrained\"><div class=\"wp-bootstrap-blocks-container container mb-0\">\n\t\n<div class=\"wp-bootstrap-blocks-row row\">\n\t\n\n<div class=\"col-12\">\n\t\t\t\n\n<div id=\"nabidka-bytu\" class=\"kotva\"><\/div>\n\n\n\n<h1 class=\"wp-block-heading has-text-align-center\" data-=\"\">Nab\u00eddka byt\u016f<\/h1>\n\n\n\n<div class=\"wp-block-group text-center\"><div class=\"wp-block-group__inner-container is-layout-constrained wp-block-group-is-layout-constrained\">\n<div class=\"wp-block-group\" data-=\"\"><div class=\"wp-block-group__inner-container is-layout-constrained wp-block-group-is-layout-constrained\"><div class=\"wp-block-image mt-n3 pb-4\">\n<figure class=\"aligncenter size-large\"><img loading=\"lazy\" decoding=\"async\" width=\"102\" height=\"20\" src=\"http:\/\/panoramalidicka.cz\/wp-content\/uploads\/2023\/12\/separator.svg\" alt=\"\" class=\"wp-image-104\"\/><\/figure>\n<\/div><\/div><\/div>\n<\/div><\/div>\n\n\n<div class=\"wp-bootstrap-blocks-row row justify-content-center\">\n\t\n\n<div class=\"col-12 col-lg-8\">\n\t\t\t\n\n<h2 class=\"wp-block-heading has-text-align-center\" data-=\"\">P\u0159in\u00e1\u0161\u00edme v\u00e1m nov\u00e9 modern\u00ed bydlen\u00ed na ulici Lidick\u00e1<\/h2>\n\n\t<\/div>\n\n<\/div>\n\n\n<div class=\"wp-bootstrap-blocks-row row pt-5\">\n\t\n\n<div class=\"col-12 col-xl-3 z-2 pb-5 pb-xl-0\">\n\t\t\t\n\n<div class=\"wp-block-group\" data-=\"\"><div class=\"wp-block-group__inner-container is-layout-constrained wp-block-group-is-layout-constrained\">\n<p class=\"wp-block-paragraph\"><strong>Pro vlastn\u00ed bydlen\u00ed, pron\u00e1jem i investici.\u2028<\/strong><\/p>\n\n\n\n<p class=\"pb-3 wp-block-paragraph\">Dispozice nab\u00edz\u00ed pohodln\u00e9 bydlen\u00ed pro jednotlivce, p\u00e1ry, rodiny a d\u00edky dv\u011bma osobn\u00edm v\u00fdtah\u016fm tak\u00e9 pro seniory.<\/p>\n\n\n<a href=\"http:\/\/panoramalidicka.cz\/nabidka-bytu\" type=\"button\"\n   class=\"btn d-inline-flex align-items-center btn-dark w-100\"\n   target=\"\">\n    <span>\n        Zjistit v\u00edce            <\/span>\n<\/a><\/div><\/div>\n\n\t<\/div>\n\n\n\n<div class=\"col-12 col-xl-9\">\n\t\t\t\n    <div class=\"flat-slider\">\n                    <div>\n                <a href=\"https:\/\/panoramalidicka.cz\/?byt=2567-2\" class=\"flat-slide-inner bg-white text-decoration-none d-block\">\n                                            <div class=\"flat-slide-thumbnail overflow-hidden\">\n                            <img loading=\"lazy\" decoding=\"async\" width=\"1200\" height=\"675\" src=\"https:\/\/panoramalidicka.cz\/wp-content\/uploads\/2023\/12\/img_4-1200x675.jpeg\" class=\"attachment-post-thumbnail size-post-thumbnail wp-post-image\" alt=\"\" srcset=\"https:\/\/panoramalidicka.cz\/wp-content\/uploads\/2023\/12\/img_4-1200x675.jpeg 1200w, https:\/\/panoramalidicka.cz\/wp-content\/uploads\/2023\/12\/img_4-300x169.jpeg 300w, https:\/\/panoramalidicka.cz\/wp-content\/uploads\/2023\/12\/img_4-1024x576.jpeg 1024w, https:\/\/panoramalidicka.cz\/wp-content\/uploads\/2023\/12\/img_4-768x432.jpeg 768w, https:\/\/panoramalidicka.cz\/wp-content\/uploads\/2023\/12\/img_4-1536x864.jpeg 1536w, https:\/\/panoramalidicka.cz\/wp-content\/uploads\/2023\/12\/img_4-2048x1152.jpeg 2048w\" sizes=\"auto, (max-width: 1200px) 100vw, 1200px\" \/>                        <\/div>\n                                            <div class=\"flat-slide-info\">\n                                                <div class=\"flat-slide-categories d-flex align-items-center\">\n                                                            <div class=\"flat-slide-category\">Prodej<\/div>\n                                                        <\/div>\n                        <div class=\"d-flex justify-content-between\">\n                            <div class=\"flat-slide-title\">2+kk | 34,5 m<sup>2<\/sup><\/div>\n                            <div class=\"flat-slide-price\">3 439 000 K\u010d<\/div>\n                        <\/div>\n                    <\/div>\n                <\/a>\n            <\/div>\n                        <div>\n                <a href=\"https:\/\/panoramalidicka.cz\/?byt=2567-8\" class=\"flat-slide-inner bg-white text-decoration-none d-block\">\n                                            <div class=\"flat-slide-thumbnail overflow-hidden\">\n                            <img loading=\"lazy\" decoding=\"async\" width=\"1200\" height=\"675\" src=\"https:\/\/panoramalidicka.cz\/wp-content\/uploads\/2023\/12\/Panorama-byty-na-prodej-sumperk-interiery-52_12-1200x675.webp\" class=\"attachment-post-thumbnail size-post-thumbnail wp-post-image\" alt=\"\" srcset=\"https:\/\/panoramalidicka.cz\/wp-content\/uploads\/2023\/12\/Panorama-byty-na-prodej-sumperk-interiery-52_12-1200x675.webp 1200w, https:\/\/panoramalidicka.cz\/wp-content\/uploads\/2023\/12\/Panorama-byty-na-prodej-sumperk-interiery-52_12-300x169.webp 300w, https:\/\/panoramalidicka.cz\/wp-content\/uploads\/2023\/12\/Panorama-byty-na-prodej-sumperk-interiery-52_12-1024x576.webp 1024w, https:\/\/panoramalidicka.cz\/wp-content\/uploads\/2023\/12\/Panorama-byty-na-prodej-sumperk-interiery-52_12-768x432.webp 768w, https:\/\/panoramalidicka.cz\/wp-content\/uploads\/2023\/12\/Panorama-byty-na-prodej-sumperk-interiery-52_12-1536x864.webp 1536w, https:\/\/panoramalidicka.cz\/wp-content\/uploads\/2023\/12\/Panorama-byty-na-prodej-sumperk-interiery-52_12.webp 1920w\" sizes=\"auto, (max-width: 1200px) 100vw, 1200px\" \/>                        <\/div>\n                                            <div class=\"flat-slide-info\">\n                                                <div class=\"flat-slide-categories d-flex align-items-center\">\n                                                            <div class=\"flat-slide-category\">Prodej<\/div>\n                                                        <\/div>\n                        <div class=\"d-flex justify-content-between\">\n                            <div class=\"flat-slide-title\">3+kk | 50,6 m<sup>2<\/sup><\/div>\n                            <div class=\"flat-slide-price\">4 439 000 K\u010d<\/div>\n                        <\/div>\n                    <\/div>\n                <\/a>\n            <\/div>\n                        <div>\n                <a href=\"https:\/\/panoramalidicka.cz\/?byt=2567-39\" class=\"flat-slide-inner bg-white text-decoration-none d-block\">\n                                            <div class=\"flat-slide-thumbnail overflow-hidden\">\n                            <img loading=\"lazy\" decoding=\"async\" width=\"1200\" height=\"675\" src=\"https:\/\/panoramalidicka.cz\/wp-content\/uploads\/2023\/12\/6-1200x675.jpg\" class=\"attachment-post-thumbnail size-post-thumbnail wp-post-image\" alt=\"\" srcset=\"https:\/\/panoramalidicka.cz\/wp-content\/uploads\/2023\/12\/6-1200x675.jpg 1200w, https:\/\/panoramalidicka.cz\/wp-content\/uploads\/2023\/12\/6-300x169.jpg 300w, https:\/\/panoramalidicka.cz\/wp-content\/uploads\/2023\/12\/6-1024x576.jpg 1024w, https:\/\/panoramalidicka.cz\/wp-content\/uploads\/2023\/12\/6-768x432.jpg 768w, https:\/\/panoramalidicka.cz\/wp-content\/uploads\/2023\/12\/6.jpg 1536w\" sizes=\"auto, (max-width: 1200px) 100vw, 1200px\" \/>                        <\/div>\n                                            <div class=\"flat-slide-info\">\n                                                <div class=\"flat-slide-categories d-flex align-items-center\">\n                                                            <div class=\"flat-slide-category\">Prodej<\/div>\n                                                        <\/div>\n                        <div class=\"d-flex justify-content-between\">\n                            <div class=\"flat-slide-title\">4+kk | 82,3 m<sup>2<\/sup><\/div>\n                            <div class=\"flat-slide-price\">7 239 000 K\u010d<\/div>\n                        <\/div>\n                    <\/div>\n                <\/a>\n            <\/div>\n                        <div>\n                <a href=\"https:\/\/panoramalidicka.cz\/?byt=2567-45\" class=\"flat-slide-inner bg-white text-decoration-none d-block\">\n                                            <div class=\"flat-slide-thumbnail overflow-hidden\">\n                            <img loading=\"lazy\" decoding=\"async\" width=\"1200\" height=\"675\" src=\"https:\/\/panoramalidicka.cz\/wp-content\/uploads\/2023\/12\/4-1200x675.jpg\" class=\"attachment-post-thumbnail size-post-thumbnail wp-post-image\" alt=\"\" srcset=\"https:\/\/panoramalidicka.cz\/wp-content\/uploads\/2023\/12\/4-1200x675.jpg 1200w, https:\/\/panoramalidicka.cz\/wp-content\/uploads\/2023\/12\/4-300x169.jpg 300w, https:\/\/panoramalidicka.cz\/wp-content\/uploads\/2023\/12\/4-1024x576.jpg 1024w, https:\/\/panoramalidicka.cz\/wp-content\/uploads\/2023\/12\/4-768x432.jpg 768w, https:\/\/panoramalidicka.cz\/wp-content\/uploads\/2023\/12\/4.jpg 1536w\" sizes=\"auto, (max-width: 1200px) 100vw, 1200px\" \/>                        <\/div>\n                                            <div class=\"flat-slide-info\">\n                                                <div class=\"flat-slide-categories d-flex align-items-center\">\n                                                            <div class=\"flat-slide-category\">Prodej<\/div>\n                                                        <\/div>\n                        <div class=\"d-flex justify-content-between\">\n                            <div class=\"flat-slide-title\">3+kk | 82,5 m<sup>2<\/sup><\/div>\n                            <div class=\"flat-slide-price\">7 239 000 K\u010d<\/div>\n                        <\/div>\n                    <\/div>\n                <\/a>\n            <\/div>\n                        <div>\n                <a href=\"https:\/\/panoramalidicka.cz\/?byt=2567-48\" class=\"flat-slide-inner bg-white text-decoration-none d-block\">\n                                            <div class=\"flat-slide-thumbnail overflow-hidden\">\n                            <img loading=\"lazy\" decoding=\"async\" width=\"1200\" height=\"675\" src=\"https:\/\/panoramalidicka.cz\/wp-content\/uploads\/2023\/12\/Panorama-byty-na-prodej-sumperk-interiery-52_07-1200x675.webp\" class=\"attachment-post-thumbnail size-post-thumbnail wp-post-image\" alt=\"\" srcset=\"https:\/\/panoramalidicka.cz\/wp-content\/uploads\/2023\/12\/Panorama-byty-na-prodej-sumperk-interiery-52_07-1200x675.webp 1200w, https:\/\/panoramalidicka.cz\/wp-content\/uploads\/2023\/12\/Panorama-byty-na-prodej-sumperk-interiery-52_07-300x169.webp 300w, https:\/\/panoramalidicka.cz\/wp-content\/uploads\/2023\/12\/Panorama-byty-na-prodej-sumperk-interiery-52_07-1024x576.webp 1024w, https:\/\/panoramalidicka.cz\/wp-content\/uploads\/2023\/12\/Panorama-byty-na-prodej-sumperk-interiery-52_07-768x432.webp 768w, https:\/\/panoramalidicka.cz\/wp-content\/uploads\/2023\/12\/Panorama-byty-na-prodej-sumperk-interiery-52_07.webp 1536w\" sizes=\"auto, (max-width: 1200px) 100vw, 1200px\" \/>                        <\/div>\n                                            <div class=\"flat-slide-info\">\n                                                <div class=\"flat-slide-categories d-flex align-items-center\">\n                                                            <div class=\"flat-slide-category\">Prodej<\/div>\n                                                        <\/div>\n                        <div class=\"d-flex justify-content-between\">\n                            <div class=\"flat-slide-title\">4+kk | 90,1 m<sup>2<\/sup><\/div>\n                            <div class=\"flat-slide-price\">8 039 000 K\u010d<\/div>\n                        <\/div>\n                    <\/div>\n                <\/a>\n            <\/div>\n                <\/div>\n\n\t<\/div>\n\n<\/div>\n\n\t<\/div>\n\n<\/div>\n\n<\/div>\n<\/div><\/section>\n\n\n\n<section class=\"wp-block-group stripe-bottom overflow-hidden\"><div class=\"wp-block-group__inner-container is-layout-constrained wp-block-group-is-layout-constrained\"><div class=\"wp-bootstrap-blocks-container container mb-0\">\n\t\n<div class=\"wp-bootstrap-blocks-row row\">\n\t\n\n<div class=\"col-12\">\n\t\t\t\n\n<h1 class=\"wp-block-heading has-text-align-center\" data-=\"\">O projektu<\/h1>\n\n\n\n<div class=\"wp-block-group text-center\"><div class=\"wp-block-group__inner-container is-layout-constrained wp-block-group-is-layout-constrained\">\n<div class=\"wp-block-group\" data-=\"\"><div class=\"wp-block-group__inner-container is-layout-constrained wp-block-group-is-layout-constrained\"><div class=\"wp-block-image mt-n3 pb-4\">\n<figure class=\"aligncenter size-large\"><img loading=\"lazy\" decoding=\"async\" width=\"102\" height=\"20\" src=\"http:\/\/panoramalidicka.cz\/wp-content\/uploads\/2023\/12\/separator.svg\" alt=\"\" class=\"wp-image-104\"\/><\/figure>\n<\/div><\/div><\/div>\n<\/div><\/div>\n\n\n\n<h2 class=\"wp-block-heading has-text-align-center\" data-=\"\">Objevte projekt pln\u00fd v\u00fdhod v doch\u00e1zkov\u00e9 vzd\u00e1lenosti centra m\u011bsta \u0160umperk<\/h2>\n\n\n\n<p class=\"has-text-align-center wp-block-paragraph\" data-=\"\">Po m\u011bst\u011b p\u011b\u0161ky a na v\u00fdlet na\u0161\u00edm sd\u00edlen\u00fdm elektromobilem p\u0159istaven\u00fdm p\u0159\u00edmo u domu.<\/p>\n\n\n\n<div class=\"wp-block-group pt-5\"><div class=\"wp-block-group__inner-container is-layout-constrained wp-block-group-is-layout-constrained\">    <div class=\"infoboxes pt-lg-5\">\n                    <div>\n                <div class=\"infobox\">\n                    <div class=\"infobox-icon\"><?xml version=\"1.0\" encoding=\"UTF-8\"?>\n<svg xmlns=\"http:\/\/www.w3.org\/2000\/svg\" width=\"89\" height=\"89\" viewBox=\"0 0 89 89\" fill=\"none\">\n  <path d=\"M67.6773 81.2098V63.8061C67.6773 62.0525 68.2729 61.1923 69.067 59.935C70.1919 58.1814 71.5485 56.3616 71.5485 52.1927V42.5313C71.5485 33.8626 68.0413 32.87 64.9311 32.87H59.9681C56.6925 32.87 57.7513 32.87 56.9241 32.87C53.8139 32.87 50.3067 33.8626 50.3067 42.5313V52.1927C50.3067 56.3285 51.6633 58.1814 52.7882 59.935C53.5823 61.1592 54.1779 62.0525 54.1779 63.8061V81.2098M36.7742 21.3227L29.0319 13.5804M29.0319 13.5804L21.3227 21.3227M29.0319 13.5804V32.9031M36.7742 50.3067L29.0319 58.016M29.0319 58.016L21.3227 50.3067M29.0319 58.016V38.6933M7.79019 2H81.2098M7.79019 2V87M7.79019 2H2M81.2098 2V87M81.2098 2H87M81.2098 87H7.79019M81.2098 87H87M7.79019 87H2M60.9276 27.1129C64.8318 27.1129 67.6773 24.1682 67.6773 20.5286V18.3449C67.6773 14.7053 64.8318 11.7606 60.9276 11.7606C57.0234 11.7606 54.1779 14.7053 54.1779 18.3449V20.5286C54.1779 24.1682 57.0234 27.1129 60.9276 27.1129Z\" stroke=\"#B6907B\" stroke-width=\"3\" stroke-linecap=\"round\" stroke-linejoin=\"round\"><\/path>\n<\/svg>\n<\/div>\n                    <div class=\"infobox-text\">2 osobn\u00ed v\u00fdtahy<br>a bezbari\u00e9rov\u00fd p\u0159\u00edstup<\/div>\n                <\/div>\n            <\/div>\n                        <div>\n                <div class=\"infobox\">\n                    <div class=\"infobox-icon\"><?xml version=\"1.0\" encoding=\"UTF-8\"?>\n<svg xmlns=\"http:\/\/www.w3.org\/2000\/svg\" width=\"92\" height=\"85\" viewBox=\"0 0 92 85\" fill=\"none\">\n  <path d=\"M44.8447 21.4229V6.9708C44.8447 3.93616 47.305 1.50244 50.3053 1.50244H80.7587C83.789 1.50244 86.2193 3.96621 86.2193 6.9708V75.085M64.1368 23.0754L68.1573 15.3536H62.1866L66.2071 7.60177M66.9571 38.8496H70.8276C71.9977 38.8496 72.9578 39.811 72.9578 40.9828V42.2748C72.9578 42.9358 72.6578 43.5668 72.1477 43.9874L67.3472 47.8333L65.337 49.9065C63.9568 51.3186 62.0666 52.1299 60.1164 52.1299H14.8414C12.8612 52.1299 10.971 51.3186 9.62085 49.9065L7.61063 47.8333L2.8101 43.9874C2.30004 43.5668 2.00001 42.9358 2.00001 42.2748V40.9828C2.00001 39.811 2.96012 38.8496 4.13025 38.8496H8.00067M20.482 76.9178V80.7937C20.482 82.266 19.2819 83.4678 17.8117 83.4678H6.89055C5.42039 83.4678 4.22026 82.266 4.22026 80.7937V69.4664M54.4758 76.9178V80.7937C54.4758 82.266 55.6759 83.4678 57.1461 83.4678H68.0673C69.5374 83.4678 70.7376 82.266 70.7376 80.7937V69.4664M10.3109 58.5597L12.4112 61.8648C13.0712 62.8863 14.2114 63.5173 15.4115 63.5173H20.9321M64.6469 58.5597L62.5467 61.8648C61.8866 62.8863 60.7465 63.5173 59.5463 63.5173H54.0257M51.2354 76.9178L47.515 69.4964H27.4428L23.7224 76.9178M30.4131 63.5173H44.5447M77.7883 83.4978H89.9997V75.085H77.7883M63.3268 76.9178C67.4372 76.9178 70.7676 73.5827 70.7676 69.4664V53.9026C70.7676 50.1468 64.7369 45.8803 63.8068 43.3565C62.8767 40.8326 59.7564 32.2995 59.7564 32.2995C58.6762 29.325 55.8559 27.342 52.6756 27.342H22.2822C19.1319 27.342 16.3116 29.325 15.2015 32.2995C15.2015 32.2995 12.0811 40.8326 11.151 43.3565C10.2209 45.8803 4.19025 50.1769 4.19025 53.9026V69.4664C4.19025 73.5827 7.52062 76.9178 11.6311 76.9178H63.3268Z\" stroke=\"#B6907B\" stroke-width=\"3\" stroke-linecap=\"round\" stroke-linejoin=\"round\"><\/path>\n<\/svg>\n<\/div>\n                    <div class=\"infobox-text\">Dob\u00edjec\u00ed stanice pro elektromobily<\/div>\n                <\/div>\n            <\/div>\n                        <div>\n                <div class=\"infobox\">\n                    <div class=\"infobox-icon\"><?xml version=\"1.0\" encoding=\"UTF-8\"?>\n<svg xmlns=\"http:\/\/www.w3.org\/2000\/svg\" width=\"93\" height=\"89\" viewBox=\"0 0 93 89\" fill=\"none\">\n  <path d=\"M91 87V2H2V87M46.5 2V20.4348M46.5 20.4348L38.6614 28.3418H54.3386L46.5 20.4348ZM37.751 34.1832L33.9316 38.0034M55.249 34.1832L59.0684 38.0034M46.5 36.0933V41.4905M91 41.4905H69.9935V56.6603H48.9648V71.8302H27.9583V87\" stroke=\"#B6907B\" stroke-width=\"3\" stroke-linecap=\"round\" stroke-linejoin=\"round\"><\/path>\n<\/svg>\n<\/div>\n                    <div class=\"infobox-text\">Sklepn\u00ed k\u00f3je ke ka\u017ed\u00e9mu bytu<\/div>\n                <\/div>\n            <\/div>\n                        <div>\n                <div class=\"infobox\">\n                    <div class=\"infobox-icon\"><?xml version=\"1.0\" encoding=\"UTF-8\"?>\n<svg xmlns=\"http:\/\/www.w3.org\/2000\/svg\" width=\"105\" height=\"86\" viewBox=\"0 0 105 86\" fill=\"none\">\n  <path d=\"M79.4311 17.8928C79.4311 15.9909 80.1525 14.089 81.5953 12.6462C84.4809 9.7606 89.2029 9.7606 92.0885 12.6462C94.5151 15.0728 94.9086 18.7673 93.2471 21.6092M75.6054 6.65636L77.8571 8.90802M95.8486 26.8995L98.1002 29.1512M98.1002 6.65636L95.8486 8.90802M102.757 17.8928H99.5868M74.1408 17.8928H70.9491M86.8638 2V5.16982M46.2682 45.831L38.923 53.1762M46.2682 55.8214L38.923 63.1666M72.5668 45.831L65.2215 53.1762M72.5668 55.8214L65.2215 63.1666M19.0077 84V57.3735C19.0077 52.6734 15.2039 48.8696 10.5039 48.8696C5.80378 48.8696 2 52.6734 2 57.3735C2 62.0736 5.80378 65.8774 10.5039 65.8774M33.0861 31.4247H52.0832V76.7641H33.0861V31.4247ZM59.3847 31.4247H78.3818V76.7641H59.3847V31.4247ZM25.8502 24.1887H85.6396V83.9781H25.8502V24.1887Z\" stroke=\"#B6907B\" stroke-width=\"3\" stroke-linecap=\"round\" stroke-linejoin=\"round\"><\/path>\n<\/svg>\n<\/div>\n                    <div class=\"infobox-text\">Izola\u010dn\u00ed okenn\u00ed<br>trojskla<\/div>\n                <\/div>\n            <\/div>\n                <\/div>\n    <\/div><\/div>\n\n\n\n<div class=\"wp-block-group pt-4 text-center\" data-=\"\"><div class=\"wp-block-group__inner-container is-layout-constrained wp-block-group-is-layout-constrained\"><a href=\"http:\/\/panoramalidicka.cz\/o-projektu\" type=\"button\"\n   class=\"btn d-inline-flex align-items-center btn-primary\"\n   target=\"\">\n    <span>\n        V\u00edce o projektu            <\/span>\n<\/a><\/div><\/div>\n\n\t<\/div>\n\n<\/div>\n\n<\/div>\n<\/div><\/section>\n\n\n\n<section class=\"wp-block-group position-relative hand-section\"><div class=\"wp-block-group__inner-container is-layout-constrained wp-block-group-is-layout-constrained\"><div class=\"wp-bootstrap-blocks-container container mb-0\">\n\t\n\n<figure class=\"wp-block-image size-large img-peoplecar d-none d-lg-block\"><img loading=\"lazy\" decoding=\"async\" width=\"1024\" height=\"937\" src=\"http:\/\/panoramalidicka.cz\/wp-content\/uploads\/2023\/12\/peoplecar-1024x937.jpeg\" alt=\"\" class=\"wp-image-133\" srcset=\"https:\/\/panoramalidicka.cz\/wp-content\/uploads\/2023\/12\/peoplecar-1024x937.jpeg 1024w, https:\/\/panoramalidicka.cz\/wp-content\/uploads\/2023\/12\/peoplecar-300x275.jpeg 300w, https:\/\/panoramalidicka.cz\/wp-content\/uploads\/2023\/12\/peoplecar-768x703.jpeg 768w, https:\/\/panoramalidicka.cz\/wp-content\/uploads\/2023\/12\/peoplecar.jpeg 1170w\" sizes=\"auto, (max-width: 1024px) 100vw, 1024px\" \/><\/figure>\n\n\n\n<div class=\"wp-block-group position-relative d-lg-none images-peoplecar\"><div class=\"wp-block-group__inner-container is-layout-constrained wp-block-group-is-layout-constrained\">\n<figure class=\"wp-block-image size-large\"><img loading=\"lazy\" decoding=\"async\" width=\"1024\" height=\"937\" src=\"http:\/\/panoramalidicka.cz\/wp-content\/uploads\/2023\/12\/peoplecar-1024x937.jpeg\" alt=\"\" class=\"wp-image-133\" srcset=\"https:\/\/panoramalidicka.cz\/wp-content\/uploads\/2023\/12\/peoplecar-1024x937.jpeg 1024w, https:\/\/panoramalidicka.cz\/wp-content\/uploads\/2023\/12\/peoplecar-300x275.jpeg 300w, https:\/\/panoramalidicka.cz\/wp-content\/uploads\/2023\/12\/peoplecar-768x703.jpeg 768w, https:\/\/panoramalidicka.cz\/wp-content\/uploads\/2023\/12\/peoplecar.jpeg 1170w\" sizes=\"auto, (max-width: 1024px) 100vw, 1024px\" \/><\/figure>\n<\/div><\/div>\n\n\n<div class=\"wp-bootstrap-blocks-row row align-items-lg-end\">\n\t\n\n<div class=\"col-12 col-lg-7 d-none d-lg-block\">\n\t\t\t\t<\/div>\n\n<\/div>\n\n<\/div>\n<\/div><\/section>\n\n\n\n<section class=\"wp-block-group stripe bg-dark position-relative text-white\"><div class=\"wp-block-group__inner-container is-layout-constrained wp-block-group-is-layout-constrained\"><div class=\"wp-bootstrap-blocks-container container mb-0\">\n\t\n<div class=\"wp-bootstrap-blocks-row row\">\n\t\n\n<div class=\"col-12 col-lg-7\">\n\t\t\t\n\n<div class=\"wp-block-group\" data-=\"\"><div class=\"wp-block-group__inner-container is-layout-constrained wp-block-group-is-layout-constrained\">\n<h1 class=\"wp-block-heading\">Lokalita<\/h1>\n\n\n\n<figure class=\"wp-block-image size-large mt-n3 pb-4\"><img loading=\"lazy\" decoding=\"async\" width=\"102\" height=\"20\" src=\"http:\/\/panoramalidicka.cz\/wp-content\/uploads\/2023\/12\/separator.svg\" alt=\"\" class=\"wp-image-104\"\/><\/figure>\n\n\n\n<h2 class=\"wp-block-heading text-primary\">\u0160umperk \u201e\u017div\u00e1 br\u00e1na Jesen\u00edk\u016f\u201c<\/h2>\n\n\n\n<p class=\"wp-block-paragraph\">V\u00edtejte v srdci moravsk\u00e9ho klidu a pohody! Panorama Lidick\u00e1 se nach\u00e1z\u00ed v \u0160umperku, malebn\u00e9m m\u011bst\u011b obklopen\u00e9m zelen\u00ed Jesen\u00edk\u016f a \u00fa\u017easnou p\u0159\u00edrodou. \u0160umperk se st\u00e1v\u00e1 ide\u00e1ln\u00edm m\u00edstem pro v\u00e1\u0161 nov\u00fd domov.<\/p>\n\n\n\n<p class=\"wp-block-paragraph\">\u200b<br>Komplex se nach\u00e1z\u00ed jen kousek od centra m\u011bsta, pouze 10 minut p\u011b\u0161\u00ed ch\u016fz\u00ed. Okol\u00ed nab\u00edz\u00ed plnou ob\u010danskou vybavenost, a\u0165 u\u017e pot\u0159ebujete nakoupit v sousedn\u00edm obchodn\u00edm dom\u011b, zajistit p\u00e9\u010di pro va\u0161e nejmen\u0161\u00ed v m\u00edstn\u00ed \u0161kolce nebo vyrazit na ve\u010de\u0159i do p\u0159\u00edjemn\u00e9 restaurace.<\/p>\n<\/div><\/div>\n\n\t<\/div>\n\n<\/div>\n\n\n\n<figure class=\"wp-block-image size-full img-location\"><img loading=\"lazy\" decoding=\"async\" width=\"750\" height=\"746\" src=\"http:\/\/panoramalidicka.cz\/wp-content\/uploads\/2023\/12\/location.jpeg\" alt=\"\" class=\"wp-image-136\" srcset=\"https:\/\/panoramalidicka.cz\/wp-content\/uploads\/2023\/12\/location.jpeg 750w, https:\/\/panoramalidicka.cz\/wp-content\/uploads\/2023\/12\/location-300x298.jpeg 300w, https:\/\/panoramalidicka.cz\/wp-content\/uploads\/2023\/12\/location-150x150.jpeg 150w\" sizes=\"auto, (max-width: 750px) 100vw, 750px\" \/><\/figure>\n\n<\/div>\n<\/div><\/section>\n","protected":false},"excerpt":{"rendered":"","protected":false},"author":5,"featured_media":850,"parent":0,"menu_order":0,"comment_status":"closed","ping_status":"closed","template":"","meta":{"_acf_changed":false,"inline_featured_image":false,"footnotes":""},"class_list":["post-1260","page","type-page","status-publish","has-post-thumbnail","hentry"],"acf":[],"yoast_head":"<!-- This site is optimized with the Yoast SEO plugin v28.4 - https:\/\/yoast.com\/product\/yoast-seo-wordpress\/ -->\n<title>P\u0159edprodej zah\u00e1jen! Nov\u00e9 byty s v\u00fdhledy na Jesen\u00edky - Panorama Lidick\u00e1<\/title>\n<meta name=\"description\" content=\"Voln\u00e9 bytov\u00e9 jednotky k dispozici! Pro vlastn\u00ed bydlen\u00ed, n\u00e1jemn\u00edky a investory. Dispozice od 2+kk a\u017e 4+kk, s v\u00fdm\u011brami od 33,4 a\u017e 90,1 m2.\" \/>\n<meta name=\"robots\" content=\"index, follow, max-snippet:-1, max-image-preview:large, max-video-preview:-1\" \/>\n<link rel=\"canonical\" href=\"https:\/\/panoramalidicka.cz\/\" \/>\n<meta property=\"og:locale\" content=\"cs_CZ\" \/>\n<meta property=\"og:type\" content=\"article\" \/>\n<meta property=\"og:title\" content=\"P\u0159edprodej zah\u00e1jen! Nov\u00e9 byty s v\u00fdhledy na Jesen\u00edky - Panorama Lidick\u00e1\" \/>\n<meta property=\"og:description\" content=\"Voln\u00e9 bytov\u00e9 jednotky k dispozici! Pro vlastn\u00ed bydlen\u00ed, n\u00e1jemn\u00edky a investory. Dispozice od 2+kk a\u017e 4+kk, s v\u00fdm\u011brami od 33,4 a\u017e 90,1 m2.\" \/>\n<meta property=\"og:url\" content=\"https:\/\/panoramalidicka.cz\/\" \/>\n<meta property=\"og:site_name\" content=\"Panorama Lidick\u00e1\" \/>\n<meta property=\"article:modified_time\" content=\"2026-08-28T11:48:21+00:00\" \/>\n<meta property=\"og:image\" content=\"http:\/\/panoramalidicka.cz\/wp-content\/uploads\/2023\/12\/k-scaled.jpg\" \/>\n\t<meta property=\"og:image:width\" content=\"2560\" \/>\n\t<meta property=\"og:image:height\" content=\"1440\" \/>\n\t<meta property=\"og:image:type\" content=\"image\/jpeg\" \/>\n<meta name=\"twitter:card\" content=\"summary_large_image\" \/>\n<meta name=\"twitter:label1\" content=\"Odhadovan\u00e1 doba \u010dten\u00ed\" \/>\n\t<meta name=\"twitter:data1\" content=\"3 minuty\" \/>\n<script type=\"application\/ld+json\" class=\"yoast-schema-graph\">{\"@context\":\"https:\\\/\\\/schema.org\",\"@graph\":[{\"@type\":\"WebPage\",\"@id\":\"https:\\\/\\\/panoramalidicka.cz\\\/\",\"url\":\"https:\\\/\\\/panoramalidicka.cz\\\/\",\"name\":\"P\u0159edprodej zah\u00e1jen! Nov\u00e9 byty s v\u00fdhledy na Jesen\u00edky - Panorama Lidick\u00e1\",\"isPartOf\":{\"@id\":\"https:\\\/\\\/panoramalidicka.cz\\\/#website\"},\"primaryImageOfPage\":{\"@id\":\"https:\\\/\\\/panoramalidicka.cz\\\/#primaryimage\"},\"image\":{\"@id\":\"https:\\\/\\\/panoramalidicka.cz\\\/#primaryimage\"},\"thumbnailUrl\":\"https:\\\/\\\/panoramalidicka.cz\\\/wp-content\\\/uploads\\\/2023\\\/12\\\/k-scaled.jpg\",\"datePublished\":\"2024-01-12T14:21:08+00:00\",\"dateModified\":\"2026-08-28T11:48:21+00:00\",\"description\":\"Voln\u00e9 bytov\u00e9 jednotky k dispozici! Pro vlastn\u00ed bydlen\u00ed, n\u00e1jemn\u00edky a investory. Dispozice od 2+kk a\u017e 4+kk, s v\u00fdm\u011brami od 33,4 a\u017e 90,1 m2.\",\"breadcrumb\":{\"@id\":\"https:\\\/\\\/panoramalidicka.cz\\\/#breadcrumb\"},\"inLanguage\":\"cs\",\"potentialAction\":[{\"@type\":\"ReadAction\",\"target\":[\"https:\\\/\\\/panoramalidicka.cz\\\/\"]}]},{\"@type\":\"ImageObject\",\"inLanguage\":\"cs\",\"@id\":\"https:\\\/\\\/panoramalidicka.cz\\\/#primaryimage\",\"url\":\"https:\\\/\\\/panoramalidicka.cz\\\/wp-content\\\/uploads\\\/2023\\\/12\\\/k-scaled.jpg\",\"contentUrl\":\"https:\\\/\\\/panoramalidicka.cz\\\/wp-content\\\/uploads\\\/2023\\\/12\\\/k-scaled.jpg\",\"width\":2560,\"height\":1440},{\"@type\":\"BreadcrumbList\",\"@id\":\"https:\\\/\\\/panoramalidicka.cz\\\/#breadcrumb\",\"itemListElement\":[{\"@type\":\"ListItem\",\"position\":1,\"name\":\"Home\",\"item\":\"https:\\\/\\\/panoramalidicka.cz\\\/\"},{\"@type\":\"ListItem\",\"position\":2,\"name\":\"\u00davodn\u00ed str\u00e1nka\"}]},{\"@type\":\"WebSite\",\"@id\":\"https:\\\/\\\/panoramalidicka.cz\\\/#website\",\"url\":\"https:\\\/\\\/panoramalidicka.cz\\\/\",\"name\":\"Panorama Lidick\u00e1\",\"description\":\"\",\"publisher\":{\"@id\":\"https:\\\/\\\/panoramalidicka.cz\\\/#organization\"},\"potentialAction\":[{\"@type\":\"SearchAction\",\"target\":{\"@type\":\"EntryPoint\",\"urlTemplate\":\"https:\\\/\\\/panoramalidicka.cz\\\/?s={search_term_string}\"},\"query-input\":{\"@type\":\"PropertyValueSpecification\",\"valueRequired\":true,\"valueName\":\"search_term_string\"}}],\"inLanguage\":\"cs\"},{\"@type\":\"Organization\",\"@id\":\"https:\\\/\\\/panoramalidicka.cz\\\/#organization\",\"name\":\"Panorama Lidick\u00e1\",\"url\":\"https:\\\/\\\/panoramalidicka.cz\\\/\",\"logo\":{\"@type\":\"ImageObject\",\"inLanguage\":\"cs\",\"@id\":\"https:\\\/\\\/panoramalidicka.cz\\\/#\\\/schema\\\/logo\\\/image\\\/\",\"url\":\"https:\\\/\\\/panoramalidicka.cz\\\/wp-content\\\/uploads\\\/2023\\\/12\\\/logo_default.svg\",\"contentUrl\":\"https:\\\/\\\/panoramalidicka.cz\\\/wp-content\\\/uploads\\\/2023\\\/12\\\/logo_default.svg\",\"width\":310,\"height\":70,\"caption\":\"Panorama Lidick\u00e1\"},\"image\":{\"@id\":\"https:\\\/\\\/panoramalidicka.cz\\\/#\\\/schema\\\/logo\\\/image\\\/\"}}]}<\/script>\n<!-- \/ Yoast SEO plugin. -->","yoast_head_json":{"title":"P\u0159edprodej zah\u00e1jen! Nov\u00e9 byty s v\u00fdhledy na Jesen\u00edky - Panorama Lidick\u00e1","description":"Voln\u00e9 bytov\u00e9 jednotky k dispozici! Pro vlastn\u00ed bydlen\u00ed, n\u00e1jemn\u00edky a investory. Dispozice od 2+kk a\u017e 4+kk, s v\u00fdm\u011brami od 33,4 a\u017e 90,1 m2.","robots":{"index":"index","follow":"follow","max-snippet":"max-snippet:-1","max-image-preview":"max-image-preview:large","max-video-preview":"max-video-preview:-1"},"canonical":"https:\/\/panoramalidicka.cz\/","og_locale":"cs_CZ","og_type":"article","og_title":"P\u0159edprodej zah\u00e1jen! Nov\u00e9 byty s v\u00fdhledy na Jesen\u00edky - Panorama Lidick\u00e1","og_description":"Voln\u00e9 bytov\u00e9 jednotky k dispozici! Pro vlastn\u00ed bydlen\u00ed, n\u00e1jemn\u00edky a investory. Dispozice od 2+kk a\u017e 4+kk, s v\u00fdm\u011brami od 33,4 a\u017e 90,1 m2.","og_url":"https:\/\/panoramalidicka.cz\/","og_site_name":"Panorama Lidick\u00e1","article_modified_time":"2026-08-28T11:48:21+00:00","og_image":[{"width":2560,"height":1440,"url":"http:\/\/panoramalidicka.cz\/wp-content\/uploads\/2023\/12\/k-scaled.jpg","type":"image\/jpeg"}],"twitter_card":"summary_large_image","twitter_misc":{"Odhadovan\u00e1 doba \u010dten\u00ed":"3 minuty"},"schema":{"@context":"https:\/\/schema.org","@graph":[{"@type":"WebPage","@id":"https:\/\/panoramalidicka.cz\/","url":"https:\/\/panoramalidicka.cz\/","name":"P\u0159edprodej zah\u00e1jen! Nov\u00e9 byty s v\u00fdhledy na Jesen\u00edky - Panorama Lidick\u00e1","isPartOf":{"@id":"https:\/\/panoramalidicka.cz\/#website"},"primaryImageOfPage":{"@id":"https:\/\/panoramalidicka.cz\/#primaryimage"},"image":{"@id":"https:\/\/panoramalidicka.cz\/#primaryimage"},"thumbnailUrl":"https:\/\/panoramalidicka.cz\/wp-content\/uploads\/2023\/12\/k-scaled.jpg","datePublished":"2024-01-12T14:21:08+00:00","dateModified":"2026-08-28T11:48:21+00:00","description":"Voln\u00e9 bytov\u00e9 jednotky k dispozici! Pro vlastn\u00ed bydlen\u00ed, n\u00e1jemn\u00edky a investory. Dispozice od 2+kk a\u017e 4+kk, s v\u00fdm\u011brami od 33,4 a\u017e 90,1 m2.","breadcrumb":{"@id":"https:\/\/panoramalidicka.cz\/#breadcrumb"},"inLanguage":"cs","potentialAction":[{"@type":"ReadAction","target":["https:\/\/panoramalidicka.cz\/"]}]},{"@type":"ImageObject","inLanguage":"cs","@id":"https:\/\/panoramalidicka.cz\/#primaryimage","url":"https:\/\/panoramalidicka.cz\/wp-content\/uploads\/2023\/12\/k-scaled.jpg","contentUrl":"https:\/\/panoramalidicka.cz\/wp-content\/uploads\/2023\/12\/k-scaled.jpg","width":2560,"height":1440},{"@type":"BreadcrumbList","@id":"https:\/\/panoramalidicka.cz\/#breadcrumb","itemListElement":[{"@type":"ListItem","position":1,"name":"Home","item":"https:\/\/panoramalidicka.cz\/"},{"@type":"ListItem","position":2,"name":"\u00davodn\u00ed str\u00e1nka"}]},{"@type":"WebSite","@id":"https:\/\/panoramalidicka.cz\/#website","url":"https:\/\/panoramalidicka.cz\/","name":"Panorama Lidick\u00e1","description":"","publisher":{"@id":"https:\/\/panoramalidicka.cz\/#organization"},"potentialAction":[{"@type":"SearchAction","target":{"@type":"EntryPoint","urlTemplate":"https:\/\/panoramalidicka.cz\/?s={search_term_string}"},"query-input":{"@type":"PropertyValueSpecification","valueRequired":true,"valueName":"search_term_string"}}],"inLanguage":"cs"},{"@type":"Organization","@id":"https:\/\/panoramalidicka.cz\/#organization","name":"Panorama Lidick\u00e1","url":"https:\/\/panoramalidicka.cz\/","logo":{"@type":"ImageObject","inLanguage":"cs","@id":"https:\/\/panoramalidicka.cz\/#\/schema\/logo\/image\/","url":"https:\/\/panoramalidicka.cz\/wp-content\/uploads\/2023\/12\/logo_default.svg","contentUrl":"https:\/\/panoramalidicka.cz\/wp-content\/uploads\/2023\/12\/logo_default.svg","width":310,"height":70,"caption":"Panorama Lidick\u00e1"},"image":{"@id":"https:\/\/panoramalidicka.cz\/#\/schema\/logo\/image\/"}}]}},"_links":{"self":[{"href":"https:\/\/panoramalidicka.cz\/index.php?rest_route=\/wp\/v2\/pages\/1260","targetHints":{"allow":["GET"]}}],"collection":[{"href":"https:\/\/panoramalidicka.cz\/index.php?rest_route=\/wp\/v2\/pages"}],"about":[{"href":"https:\/\/panoramalidicka.cz\/index.php?rest_route=\/wp\/v2\/types\/page"}],"author":[{"embeddable":true,"href":"https:\/\/panoramalidicka.cz\/index.php?rest_route=\/wp\/v2\/users\/5"}],"replies":[{"embeddable":true,"href":"https:\/\/panoramalidicka.cz\/index.php?rest_route=%2Fwp%2Fv2%2Fcomments&post=1260"}],"version-history":[{"count":21,"href":"https:\/\/panoramalidicka.cz\/index.php?rest_route=\/wp\/v2\/pages\/1260\/revisions"}],"predecessor-version":[{"id":1612,"href":"https:\/\/panoramalidicka.cz\/index.php?rest_route=\/wp\/v2\/pages\/1260\/revisions\/1612"}],"wp:featuredmedia":[{"embeddable":true,"href":"https:\/\/panoramalidicka.cz\/index.php?rest_route=\/wp\/v2\/media\/850"}],"wp:attachment":[{"href":"https:\/\/panoramalidicka.cz\/index.php?rest_route=%2Fwp%2Fv2%2Fmedia&parent=1260"}],"curies":[{"name":"wp","href":"https:\/\/api.w.org\/{rel}","templated":true}]}}